{"id":1836,"date":"2024-12-15T21:43:43","date_gmt":"2024-12-15T20:43:43","guid":{"rendered":"https:\/\/korestudio.fr\/?page_id=1836"},"modified":"2026-03-10T10:36:07","modified_gmt":"2026-03-10T09:36:07","slug":"formation-mat-1","status":"publish","type":"page","link":"https:\/\/korestudio.fr\/index.php\/formation-mat-1\/","title":{"rendered":"NOS FORMATIONS"},"content":{"rendered":"\n\n\n\n\n<p>Nous proposons une gamme compl\u00e8te de formations Pilates adapt\u00e9es \u00e0 tous les niveaux : d\u00e9butant, interm\u00e9diaire et avanc\u00e9. Chaque formation est con\u00e7ue pour r\u00e9pondre aux besoins des professionnels du sport et du bien-\u00eatre, en alliant th\u00e9orie et pratique pour une ma\u00eetrise optimale de la m\u00e9thode Pilates.<\/p>\n\n\n\n<p>Nos formations s\u2019ancrent dans les fondamentaux du Pilates Classique, tout en restant ouvertes aux \u00e9volutions de la m\u00e9thode. Elles offrent un enseignement matwork bas\u00e9 sur les principes originaux de Joseph Pilates, enrichi par une compr\u00e9hension moderne des mouvements et de l\u2019anatomie.<\/p>\n\n\n\n<div style=\"height:20px\" aria-hidden=\"true\" class=\"wp-block-spacer\"><\/div>\n\n\n\n<div class=\"wp-block-group alignfull\"><div class=\"wp-block-group__inner-container is-layout-flow wp-block-group-is-layout-flow\">\n<div class=\"wp-block-jetpack-layout-grid alignfull column1-desktop-grid__span-4 column1-desktop-grid__row-1 column2-desktop-grid__span-6 column2-desktop-grid__start-6 column2-desktop-grid__row-1 column1-tablet-grid__span-3 column1-tablet-grid__row-1 column2-tablet-grid__span-5 column2-tablet-grid__start-4 column2-tablet-grid__row-1 column1-mobile-grid__span-4 column1-mobile-grid__row-1 column2-mobile-grid__span-4 column2-mobile-grid__row-2\">\n<div class=\"wp-block-jetpack-layout-grid-column wp-block-jetpack-layout-grid__padding-none\">\n<figure class=\"wp-block-gallery has-nested-images columns-default is-cropped wp-block-gallery-1 is-layout-flex wp-block-gallery-is-layout-flex\">\n<figure class=\"wp-block-image size-large\"><img loading=\"lazy\" decoding=\"async\" width=\"1024\" height=\"576\" data-id=\"1863\" src=\"https:\/\/korestudio.fr\/wp-content\/uploads\/2024\/12\/Vignette-Youtube-Pilate-Focus-Abdos-Moderne-Rose-1024x576.jpg\" alt=\"\" class=\"wp-image-1863\" srcset=\"https:\/\/korestudio.fr\/wp-content\/uploads\/2024\/12\/Vignette-Youtube-Pilate-Focus-Abdos-Moderne-Rose-1024x576.jpg 1024w, https:\/\/korestudio.fr\/wp-content\/uploads\/2024\/12\/Vignette-Youtube-Pilate-Focus-Abdos-Moderne-Rose-300x169.jpg 300w, https:\/\/korestudio.fr\/wp-content\/uploads\/2024\/12\/Vignette-Youtube-Pilate-Focus-Abdos-Moderne-Rose-768x432.jpg 768w, https:\/\/korestudio.fr\/wp-content\/uploads\/2024\/12\/Vignette-Youtube-Pilate-Focus-Abdos-Moderne-Rose.jpg 1280w\" sizes=\"(max-width: 1024px) 100vw, 1024px\" \/><\/figure>\n<\/figure>\n<\/div>\n\n\n\n<div class=\"wp-block-jetpack-layout-grid-column wp-block-jetpack-layout-grid__padding-none\">\n<h3 class=\"wp-block-heading\"><strong>D\u00e9couvrez nos Formations Pilates : Devenez un Instructeur Expert !<\/strong><\/h3>\n\n\n\n<p>Nos formations Pilates <strong>MATWORK<\/strong> sont con\u00e7ues pour vous guider \u00e9tape par \u00e9tape vers l\u2019excellence, quel que soit votre niveau actuel. Que vous d\u00e9butiez dans l\u2019enseignement du Pilates ou que vous souhaitiez perfectionner vos comp\u00e9tences, nos programmes allient rigueur, expertise et passion pour vous permettre d\u2019atteindre vos objectifs professionnels.<\/p>\n<\/div>\n<\/div>\n\n\n\n<div class=\"wp-block-jetpack-layout-grid alignfull column1-desktop-grid__span-3 column1-desktop-grid__start-2 column1-desktop-grid__row-1 column2-desktop-grid__span-6 column2-desktop-grid__start-6 column2-desktop-grid__row-1 column1-tablet-grid__span-3 column1-tablet-grid__row-1 column2-tablet-grid__span-5 column2-tablet-grid__start-4 column2-tablet-grid__row-1 column1-mobile-grid__span-4 column1-mobile-grid__row-1 column2-mobile-grid__span-4 column2-mobile-grid__row-2\">\n<div class=\"wp-block-jetpack-layout-grid-column wp-block-jetpack-layout-grid__padding-none\">\n<figure class=\"wp-block-image size-large\"><img loading=\"lazy\" decoding=\"async\" width=\"1024\" height=\"1024\" src=\"https:\/\/korestudio.fr\/wp-content\/uploads\/2025\/01\/reminder-2-2-1024x1024.png\" alt=\"\" class=\"wp-image-1904\" srcset=\"https:\/\/korestudio.fr\/wp-content\/uploads\/2025\/01\/reminder-2-2-1024x1024.png 1024w, https:\/\/korestudio.fr\/wp-content\/uploads\/2025\/01\/reminder-2-2-300x300.png 300w, https:\/\/korestudio.fr\/wp-content\/uploads\/2025\/01\/reminder-2-2-150x150.png 150w, https:\/\/korestudio.fr\/wp-content\/uploads\/2025\/01\/reminder-2-2-768x768.png 768w, https:\/\/korestudio.fr\/wp-content\/uploads\/2025\/01\/reminder-2-2.png 1080w\" sizes=\"(max-width: 1024px) 100vw, 1024px\" \/><\/figure>\n<\/div>\n\n\n\n<div class=\"wp-block-jetpack-layout-grid-column wp-block-jetpack-layout-grid__padding-none\">\n<h3 class=\"wp-block-heading\"><strong>MATWORK 1 \u2013 Posez les Bases<\/strong><\/h3>\n\n\n\n<p>Cette formation est votre point de d\u00e9part pour d\u00e9couvrir les fondamentaux de la m\u00e9thode Pilates.<\/p>\n\n\n\n<ul class=\"wp-block-list\">\n<li><strong>Apprenez \u00e0 ma\u00eetriser les exercices de base<\/strong> et \u00e0 transmettre les principes essentiels : contr\u00f4le, pr\u00e9cision, fluidit\u00e9 et respiration.<\/li>\n\n\n\n<li><strong>D\u00e9veloppez vos connaissances anatomiques<\/strong> pour garantir des s\u00e9ances s\u00fbres et adapt\u00e9es \u00e0 votre public.<\/li>\n\n\n\n<li><strong>Pratiquez et progressez<\/strong> gr\u00e2ce \u00e0 un accompagnement structur\u00e9 m\u00ealant d\u00e9monstrations, ateliers pratiques et retours personnalis\u00e9s.<\/li>\n<\/ul>\n\n\n<\/div>\n<\/div>\n\n\n\n<div class=\"wp-block-jetpack-layout-grid alignfull column1-desktop-grid__span-3 column1-desktop-grid__start-2 column1-desktop-grid__row-1 column2-desktop-grid__span-6 column2-desktop-grid__start-6 column2-desktop-grid__row-1 column1-tablet-grid__span-3 column1-tablet-grid__row-1 column2-tablet-grid__span-5 column2-tablet-grid__start-4 column2-tablet-grid__row-1 column1-mobile-grid__span-4 column1-mobile-grid__row-1 column2-mobile-grid__span-4 column2-mobile-grid__row-2\">\n<div class=\"wp-block-jetpack-layout-grid-column wp-block-jetpack-layout-grid__padding-none\">\n<figure class=\"wp-block-image size-large\"><img loading=\"lazy\" decoding=\"async\" width=\"1024\" height=\"1024\" src=\"https:\/\/korestudio.fr\/wp-content\/uploads\/2025\/01\/reminder-1024x1024.png\" alt=\"\" class=\"wp-image-1905\" srcset=\"https:\/\/korestudio.fr\/wp-content\/uploads\/2025\/01\/reminder-1024x1024.png 1024w, https:\/\/korestudio.fr\/wp-content\/uploads\/2025\/01\/reminder-300x300.png 300w, https:\/\/korestudio.fr\/wp-content\/uploads\/2025\/01\/reminder-150x150.png 150w, https:\/\/korestudio.fr\/wp-content\/uploads\/2025\/01\/reminder-768x768.png 768w, https:\/\/korestudio.fr\/wp-content\/uploads\/2025\/01\/reminder.png 1080w\" sizes=\"(max-width: 1024px) 100vw, 1024px\" \/><\/figure>\n<\/div>\n\n\n\n<div class=\"wp-block-jetpack-layout-grid-column wp-block-jetpack-layout-grid__padding-none\">\n<h3 class=\"wp-block-heading\"><strong>MATWORK 2 \u2013 \u00c9levez Votre Pratique<\/strong><\/h3>\n\n\n\n<p>Avec notre formation interm\u00e9diaire, dynamisez vos s\u00e9ances et enrichissez votre enseignement.<\/p>\n\n\n\n<ul class=\"wp-block-list\">\n<li><strong>Explorez des exercices plus complexes<\/strong> et apprenez \u00e0 int\u00e9grer des accessoires comme le ballon, le magic circle ou le foam roller pour varier et intensifier vos cours.<\/li>\n\n\n\n<li><strong>Affinez vos comp\u00e9tences p\u00e9dagogiques<\/strong> en cr\u00e9ant des encha\u00eenements fluides et harmonieux.<\/li>\n\n\n\n<li><strong>Gagnez en confiance<\/strong> pour animer des cours de groupe ou individuels adapt\u00e9s aux besoins de vos \u00e9l\u00e8ves.<\/li>\n<\/ul>\n<\/div>\n<\/div>\n\n\n\n<div class=\"wp-block-jetpack-layout-grid alignfull column1-desktop-grid__span-3 column1-desktop-grid__start-2 column1-desktop-grid__row-1 column2-desktop-grid__span-6 column2-desktop-grid__start-6 column2-desktop-grid__row-1 column1-tablet-grid__span-3 column1-tablet-grid__row-1 column2-tablet-grid__span-5 column2-tablet-grid__start-4 column2-tablet-grid__row-1 column1-mobile-grid__span-4 column1-mobile-grid__row-1 column2-mobile-grid__span-4 column2-mobile-grid__row-2\">\n<div class=\"wp-block-jetpack-layout-grid-column wp-block-jetpack-layout-grid__padding-none\">\n<figure class=\"wp-block-image size-large\"><img loading=\"lazy\" decoding=\"async\" width=\"1024\" height=\"1024\" src=\"https:\/\/korestudio.fr\/wp-content\/uploads\/2025\/01\/reminder-3-1-1024x1024.png\" alt=\"\" class=\"wp-image-1906\" srcset=\"https:\/\/korestudio.fr\/wp-content\/uploads\/2025\/01\/reminder-3-1-1024x1024.png 1024w, https:\/\/korestudio.fr\/wp-content\/uploads\/2025\/01\/reminder-3-1-300x300.png 300w, https:\/\/korestudio.fr\/wp-content\/uploads\/2025\/01\/reminder-3-1-150x150.png 150w, https:\/\/korestudio.fr\/wp-content\/uploads\/2025\/01\/reminder-3-1-768x768.png 768w, https:\/\/korestudio.fr\/wp-content\/uploads\/2025\/01\/reminder-3-1.png 1080w\" sizes=\"(max-width: 1024px) 100vw, 1024px\" \/><\/figure>\n<\/div>\n\n\n\n<div class=\"wp-block-jetpack-layout-grid-column wp-block-jetpack-layout-grid__padding-none\">\n\n\n<h3 class=\"wp-block-heading\"><strong>MATWORK 3 \u2013 Atteignez l\u2019Excellence<\/strong><\/h3>\n\n\n\n<p>La formation <strong>MATWORK 3<\/strong> s\u2019adresse aux professionnels qui souhaitent atteindre un niveau d\u2019expertise avanc\u00e9 dans l\u2019enseignement du Pilates. <\/p>\n\n\n\n<p><\/p>\n\n\n\n<ul class=\"wp-block-list\">\n<li><strong>Ma\u00eetrisez les exercices les plus exigeants<\/strong> pour concevoir des s\u00e9ances puissantes, fluides et personnalis\u00e9es.<\/li>\n\n\n\n<li><strong>Perfectionnez votre analyse posturale<\/strong> et d\u00e9veloppez des techniques de correction pr\u00e9cises pour vos \u00e9l\u00e8ves.<\/li>\n\n\n\n<li><strong>Adaptez vos cours<\/strong> \u00e0 diff\u00e9rents publics, y compris les seniors ou les personnes avec des besoins sp\u00e9cifiques, en toute s\u00e9curit\u00e9.<\/li>\n<\/ul>\n\n\n\n<hr class=\"wp-block-separator has-alpha-channel-opacity\"\/>\n<\/div>\n<\/div>\n\n\n\n<div class=\"wp-block-jetpack-layout-grid alignfull column1-desktop-grid__span-3 column1-desktop-grid__start-2 column1-desktop-grid__row-1 column2-desktop-grid__span-6 column2-desktop-grid__start-6 column2-desktop-grid__row-1 column1-tablet-grid__span-3 column1-tablet-grid__row-1 column2-tablet-grid__span-5 column2-tablet-grid__start-4 column2-tablet-grid__row-1 column1-mobile-grid__span-4 column1-mobile-grid__row-1 column2-mobile-grid__span-4 column2-mobile-grid__row-2\">\n<div class=\"wp-block-jetpack-layout-grid-column wp-block-jetpack-layout-grid__padding-none\">\n<figure class=\"wp-block-image size-large\"><img loading=\"lazy\" decoding=\"async\" width=\"1024\" height=\"1024\" src=\"https:\/\/korestudio.fr\/wp-content\/uploads\/2026\/01\/reminder-9-1024x1024.png\" alt=\"\" class=\"wp-image-3433\" srcset=\"https:\/\/korestudio.fr\/wp-content\/uploads\/2026\/01\/reminder-9-1024x1024.png 1024w, https:\/\/korestudio.fr\/wp-content\/uploads\/2026\/01\/reminder-9-300x300.png 300w, https:\/\/korestudio.fr\/wp-content\/uploads\/2026\/01\/reminder-9-150x150.png 150w, https:\/\/korestudio.fr\/wp-content\/uploads\/2026\/01\/reminder-9-768x768.png 768w, https:\/\/korestudio.fr\/wp-content\/uploads\/2026\/01\/reminder-9.png 1080w\" sizes=\"(max-width: 1024px) 100vw, 1024px\" \/><\/figure>\n<\/div>\n\n\n\n<div class=\"wp-block-jetpack-layout-grid-column wp-block-jetpack-layout-grid__padding-none\">\n<h3 class=\"wp-block-heading\"><strong>REFORMER \u2013 passez <\/strong>\u00e0 l&rsquo;\u00e9tape sup\u00e9rieur<\/h3>\n\n\n\n<p>\ud83d\udc47 Cette formation est faite pour toi si\u2026<\/p>\n\n\n\n<p>\u2714\ufe0f Vous enseignez le Pilates, le yoga, la danse ou le coaching sportif et souhaitez enrichir votre proposition avec un <strong>\u00e9quipement embl\u00e9matique.<\/strong><\/p>\n\n\n\n<p>\u2714\ufe0f Vous \u00eates certifi\u00e9(e) Pilates Mat et vous aspirez \u00e0 d\u00e9couvrir de nouvelles possibilit\u00e9s corporelles.<\/p>\n\n\n\n<p>\u2714\ufe0f <strong>Vous animez des s\u00e9ances collectives ou individuelles et recherchez un appareil polyvalent, engageant et performant.<\/strong><\/p>\n\n\n\n<p>\u2714\ufe0f Vous voulez offrir une <strong>exp\u00e9rience qui conjugue pr\u00e9cision technique, cr\u00e9ativit\u00e9<\/strong> gestuelle et bien-\u00eatre profond.<\/p>\n\n\n\n<p>\u2714\ufe0f Vous d\u00e9sirez dynamiser votre activit\u00e9 avec des cours diff\u00e9renciants et s\u00e9duisants.<\/p>\n\n\n\n<p><\/p>\n\n\n\n<p><\/p>\n\n\n\n<ul class=\"wp-block-list\">\n<li><strong>Ma\u00eetriser l&rsquo;appareil Reformer dans sa globalit\u00e9<\/strong> Vous saurez configurer l&rsquo;\u00e9quipement en toute s\u00e9curit\u00e9, ajuster les ressorts et accessoires, transmettre un r\u00e9pertoire complet d&rsquo;exercices d\u00e9butants et interm\u00e9diaires, et adapter chaque mouvement aux capacit\u00e9s et objectifs de vos clients.<\/li>\n\n\n\n<li><strong>Concevoir et animer des s\u00e9ances structur\u00e9es et performantes<\/strong> Gr\u00e2ce \u00e0 une m\u00e9thodologie p\u00e9dagogique rigoureuse, vous serez en mesure de composer des cours coh\u00e9rents, fluides et stimulants, alliant renforcement musculaire, mobilit\u00e9 articulaire et conscience corporelle approfondie.<\/li>\n<\/ul>\n\n\n\n<hr class=\"wp-block-separator has-alpha-channel-opacity\"\/>\n\n\n<\/div>\n<\/div>\n\n\n\n<div class=\"wp-block-jetpack-layout-grid alignfull column1-desktop-grid__span-3 column1-desktop-grid__start-2 column1-desktop-grid__row-1 column2-desktop-grid__span-6 column2-desktop-grid__start-6 column2-desktop-grid__row-1 column1-tablet-grid__span-3 column1-tablet-grid__row-1 column2-tablet-grid__span-5 column2-tablet-grid__start-4 column2-tablet-grid__row-1 column1-mobile-grid__span-4 column1-mobile-grid__row-1 column2-mobile-grid__span-4 column2-mobile-grid__row-2\">\n<div class=\"wp-block-jetpack-layout-grid-column wp-block-jetpack-layout-grid__padding-none\">\n<figure class=\"wp-block-image size-large\"><img loading=\"lazy\" decoding=\"async\" width=\"1024\" height=\"1024\" src=\"https:\/\/korestudio.fr\/wp-content\/uploads\/2025\/08\/reminder-3-1024x1024.png\" alt=\"\" class=\"wp-image-2872\" srcset=\"https:\/\/korestudio.fr\/wp-content\/uploads\/2025\/08\/reminder-3-1024x1024.png 1024w, https:\/\/korestudio.fr\/wp-content\/uploads\/2025\/08\/reminder-3-300x300.png 300w, https:\/\/korestudio.fr\/wp-content\/uploads\/2025\/08\/reminder-3-150x150.png 150w, https:\/\/korestudio.fr\/wp-content\/uploads\/2025\/08\/reminder-3-768x768.png 768w, https:\/\/korestudio.fr\/wp-content\/uploads\/2025\/08\/reminder-3.png 1080w\" sizes=\"(max-width: 1024px) 100vw, 1024px\" \/><\/figure>\n<\/div>\n\n\n\n<div class=\"wp-block-jetpack-layout-grid-column wp-block-jetpack-layout-grid__padding-none\">\n<h3 class=\"wp-block-heading\"><strong>FLYING PILATES \u2013 Prenez de la hauteur<\/strong><\/h3>\n\n\n\n<p>\ud83d\udc47 Cette formation est faite pour toi si\u2026<\/p>\n\n\n\n<p>\u2714\ufe0f Tu es&nbsp;<strong>prof de Pilates<\/strong>, de yoga, de danse ou coach sportif et tu veux&nbsp;<strong>diversifier<\/strong>&nbsp;ton offre avec une pratique innovante.<br>\u2714\ufe0f Tu es&nbsp;<strong>d\u00e9j\u00e0 form\u00e9(e) en Pilates Mat<\/strong>&nbsp;et tu veux explorer une&nbsp;<strong>nouvelle dimension du mouvement<\/strong>.<br>\u2714\ufe0f Tu animes des cours collectifs ou tu fais du coaching individuel et tu cherches un outil&nbsp;<strong>ludique, complet et efficace<\/strong>.<br>\u2714\ufe0f Tu veux proposer un format qui&nbsp;<strong>allie plaisir, technique, cr\u00e9ativit\u00e9 et bien-\u00eatre<\/strong>.<br>\u2714\ufe0f Tu veux&nbsp;<strong>booster ton studio<\/strong>&nbsp;avec des cours originaux et attractifs.<\/p>\n\n\n\n<p><em>Pas besoin d\u2019\u00eatre acrobate : le niveau 1 est accessible \u00e0 tous les professionnels du mouvement qui souhaitent apprendre en toute s\u00e9curit\u00e9.<\/em><\/p>\n\n\n\n<p><\/p>\n\n\n\n<ul class=\"wp-block-list\">\n<li><strong>Ma\u00eetriser les fondamentaux du Flying Pilates<\/strong>&nbsp;:Tu apprendras \u00e0 installer et utiliser le hamac en toute s\u00e9curit\u00e9, \u00e0 enseigner un r\u00e9pertoire d\u2019exercices accessibles, et \u00e0 adapter chaque mouvement selon les capacit\u00e9s de tes \u00e9l\u00e8ves.<\/li>\n\n\n\n<li><strong>Construire des cours d\u00e9butants efficaces et vari\u00e9s<\/strong>&nbsp;:<br>Gr\u00e2ce \u00e0 une approche p\u00e9dagogique progressive, tu sauras structurer des s\u00e9ances compl\u00e8tes, fluides et engageantes, m\u00ealant renforcement, mobilit\u00e9 et conscience corporelle.<\/li>\n<\/ul>\n\n\n\n<hr class=\"wp-block-separator has-alpha-channel-opacity\"\/>\n<\/div>\n<\/div>\n\n\n\n<div class=\"wp-block-jetpack-layout-grid alignfull column1-desktop-grid__span-3 column1-desktop-grid__start-2 column1-desktop-grid__row-1 column2-desktop-grid__span-6 column2-desktop-grid__start-6 column2-desktop-grid__row-1 column1-tablet-grid__span-3 column1-tablet-grid__row-1 column2-tablet-grid__span-5 column2-tablet-grid__start-4 column2-tablet-grid__row-1 column1-mobile-grid__span-4 column1-mobile-grid__row-1 column2-mobile-grid__span-4 column2-mobile-grid__row-2\">\n<div class=\"wp-block-jetpack-layout-grid-column wp-block-jetpack-layout-grid__padding-none\">\n<figure class=\"wp-block-gallery has-nested-images columns-default is-cropped wp-block-gallery-2 is-layout-flex wp-block-gallery-is-layout-flex\">\n<figure class=\"wp-block-image size-large\"><img loading=\"lazy\" decoding=\"async\" width=\"1024\" height=\"1024\" data-id=\"3434\" src=\"https:\/\/korestudio.fr\/wp-content\/uploads\/2026\/01\/reminder-10-1024x1024.png\" alt=\"\" class=\"wp-image-3434\" srcset=\"https:\/\/korestudio.fr\/wp-content\/uploads\/2026\/01\/reminder-10-1024x1024.png 1024w, https:\/\/korestudio.fr\/wp-content\/uploads\/2026\/01\/reminder-10-300x300.png 300w, https:\/\/korestudio.fr\/wp-content\/uploads\/2026\/01\/reminder-10-150x150.png 150w, https:\/\/korestudio.fr\/wp-content\/uploads\/2026\/01\/reminder-10-768x768.png 768w, https:\/\/korestudio.fr\/wp-content\/uploads\/2026\/01\/reminder-10.png 1080w\" sizes=\"(max-width: 1024px) 100vw, 1024px\" \/><\/figure>\n<\/figure>\n<\/div>\n\n\n\n<div class=\"wp-block-jetpack-layout-grid-column wp-block-jetpack-layout-grid__padding-none\">\n<h3 class=\"wp-block-heading\"><strong>Pourquoi Choisir Nos Formations ?<\/strong><\/h3>\n\n\n\n<ul class=\"wp-block-list\">\n<li><strong>Une approche progressive et structur\u00e9e<\/strong> adapt\u00e9e \u00e0 chaque niveau.<\/li>\n\n\n\n<li><strong>Un \u00e9quilibre parfait entre th\u00e9orie et pratique<\/strong>, pour une mont\u00e9e en comp\u00e9tences solide et imm\u00e9diate.<\/li>\n\n\n\n<li><strong>Un accompagnement personnalis\u00e9<\/strong> avec des formateurs exp\u00e9riment\u00e9s et passionn\u00e9s.<\/li>\n<\/ul>\n\n\n\n<p>Transformez votre passion en expertise et devenez un professionnel du Pilates capable d\u2019inspirer et de guider vos \u00e9l\u00e8ves vers un bien-\u00eatre durable.<\/p>\n\n\n\n<p><\/p>\n<\/div>\n<\/div>\n\n\n\n<div class=\"wp-block-jetpack-layout-grid alignfull column1-desktop-grid__span-3 column1-desktop-grid__start-2 column1-desktop-grid__row-1 column2-desktop-grid__span-6 column2-desktop-grid__start-6 column2-desktop-grid__row-1 column1-tablet-grid__span-3 column1-tablet-grid__row-1 column2-tablet-grid__span-5 column2-tablet-grid__start-4 column2-tablet-grid__row-1 column1-mobile-grid__span-4 column1-mobile-grid__row-1 column2-mobile-grid__span-4 column2-mobile-grid__row-2\">\n<div class=\"wp-block-jetpack-layout-grid-column wp-block-jetpack-layout-grid__padding-none\">\n<figure class=\"wp-block-image size-large is-resized\"><img loading=\"lazy\" decoding=\"async\" width=\"1024\" height=\"768\" src=\"https:\/\/korestudio.fr\/wp-content\/uploads\/2024\/12\/IMG_8130-1024x768.jpg\" alt=\"\" class=\"wp-image-1862\" style=\"width:240px;height:179px\" srcset=\"https:\/\/korestudio.fr\/wp-content\/uploads\/2024\/12\/IMG_8130-1024x768.jpg 1024w, https:\/\/korestudio.fr\/wp-content\/uploads\/2024\/12\/IMG_8130-300x225.jpg 300w, https:\/\/korestudio.fr\/wp-content\/uploads\/2024\/12\/IMG_8130-768x576.jpg 768w, https:\/\/korestudio.fr\/wp-content\/uploads\/2024\/12\/IMG_8130-1536x1152.jpg 1536w, https:\/\/korestudio.fr\/wp-content\/uploads\/2024\/12\/IMG_8130-2048x1536.jpg 2048w, https:\/\/korestudio.fr\/wp-content\/uploads\/2024\/12\/IMG_8130-1568x1176.jpg 1568w\" sizes=\"(max-width: 1024px) 100vw, 1024px\" \/><\/figure>\n<\/div>\n\n\n\n<div class=\"wp-block-jetpack-layout-grid-column wp-block-jetpack-layout-grid__padding-none\">\n<h3 class=\"wp-block-heading\"><strong>Julie Moryousef-Fontaine \u2013 Votre Formatrice Pilates<\/strong><\/h3>\n\n\n\n<p>Avec pr\u00e8s de 20 ans d\u2019exp\u00e9rience dans l\u2019enseignement, Julie Moryousef-Fontaine allie passion et expertise pour transmettre la m\u00e9thode Pilates avec justesse et bienveillance. Form\u00e9e \u00e0 <strong>Core Pilates New York<\/strong>, son parcours de professeure de danse dipl\u00f4m\u00e9e d\u2019\u00c9tat et d\u2019instructrice qualifi\u00e9e lui permet d\u2019adapter son approche \u00e0 tous les profils, des d\u00e9butants aux publics sp\u00e9cifiques.<\/p>\n\n\n\n<p>Guid\u00e9e par sa recherche constante de la <strong>fluidit\u00e9 du mouvement<\/strong> et du <strong>positionnement juste<\/strong>, Julie cr\u00e9e des formations dynamiques et enrichissantes o\u00f9 chaque participant progresse en confiance. Sa capacit\u00e9 \u00e0 enseigner avec pr\u00e9cision tout en pla\u00e7ant l\u2019humain au c\u0153ur de sa p\u00e9dagogie fait d\u2019elle une formatrice inspirante, attentive \u00e0 vos besoins et \u00e0 votre \u00e9volution.<\/p>\n\n\n\n<p>Suivre une formation avec Julie, c\u2019est b\u00e9n\u00e9ficier d\u2019un enseignement ancr\u00e9 dans l\u2019exp\u00e9rience, la rigueur et la passion du mouvement, pour devenir un instructeur accompli et motiv\u00e9.<\/p>\n<\/div>\n<\/div>\n<\/div><\/div>\n","protected":false},"excerpt":{"rendered":"<p>Nous proposons une gamme compl\u00e8te de formations Pilates adapt\u00e9es \u00e0 tous les niveaux : d\u00e9butant, interm\u00e9diaire et avanc\u00e9. Chaque formation est con\u00e7ue pour r\u00e9pondre aux besoins des professionnels du sport et du bien-\u00eatre, en alliant th\u00e9orie et pratique pour une ma\u00eetrise optimale de la m\u00e9thode Pilates. Nos formations s\u2019ancrent dans les fondamentaux du Pilates Classique, [&hellip;]<\/p>\n","protected":false},"author":1,"featured_media":0,"parent":0,"menu_order":0,"comment_status":"closed","ping_status":"closed","template":"","meta":{"saved_in_kubio":true,"footnotes":""},"class_list":["post-1836","page","type-page","status-publish","hentry"],"kubio_ai_page_context":{"short_desc":"","purpose":"general"},"_links":{"self":[{"href":"https:\/\/korestudio.fr\/index.php\/wp-json\/wp\/v2\/pages\/1836","targetHints":{"allow":["GET"]}}],"collection":[{"href":"https:\/\/korestudio.fr\/index.php\/wp-json\/wp\/v2\/pages"}],"about":[{"href":"https:\/\/korestudio.fr\/index.php\/wp-json\/wp\/v2\/types\/page"}],"author":[{"embeddable":true,"href":"https:\/\/korestudio.fr\/index.php\/wp-json\/wp\/v2\/users\/1"}],"replies":[{"embeddable":true,"href":"https:\/\/korestudio.fr\/index.php\/wp-json\/wp\/v2\/comments?post=1836"}],"version-history":[{"count":17,"href":"https:\/\/korestudio.fr\/index.php\/wp-json\/wp\/v2\/pages\/1836\/revisions"}],"predecessor-version":[{"id":3520,"href":"https:\/\/korestudio.fr\/index.php\/wp-json\/wp\/v2\/pages\/1836\/revisions\/3520"}],"wp:attachment":[{"href":"https:\/\/korestudio.fr\/index.php\/wp-json\/wp\/v2\/media?parent=1836"}],"curies":[{"name":"wp","href":"https:\/\/api.w.org\/{rel}","templated":true}]}}