{"id":1846,"date":"2024-12-15T21:49:29","date_gmt":"2024-12-15T20:49:29","guid":{"rendered":"https:\/\/korestudio.fr\/?page_id=1846"},"modified":"2026-03-10T10:42:19","modified_gmt":"2026-03-10T09:42:19","slug":"formation-pilatesmatwork-1-pilates","status":"publish","type":"page","link":"https:\/\/korestudio.fr\/index.php\/formation-pilatesmatwork-1-pilates\/","title":{"rendered":"Devenez Professeur de Pilates Niveau 1 avec une Formation S\u00e9rieuse, Humaine, 100 % orient\u00e9e pratique pour apprendre \u00e0 enseigner d\u00e8s demain."},"content":{"rendered":"\n<div style=\"height:20px\" aria-hidden=\"true\" class=\"wp-block-spacer\"><\/div>\n\n\n<!-- Google tag (gtag.js) -->\n<script async src=\"https:\/\/www.googletagmanager.com\/gtag\/js?id=AW-592827939\"><\/script>\n<script>\n  window.dataLayer = window.dataLayer || [];\n  function gtag(){dataLayer.push(arguments);}\n  gtag('js', new Date());\n\n  gtag('config', 'AW-592827939');\n<\/script>\n\n\n<p><strong>Formation Pilates Matwork 1<\/strong><br><strong>Pr\u00e9sentiel ou Visio | 27h + 6h d&rsquo;observation (sur 4 jours &#8211; 25,26,27 et 28 JUIN 2026) | Attestation professionnelle<\/strong><\/p>\n\n\n\n<h2 class=\"wp-block-heading\"><\/h2>\n\n\n\n<hr class=\"wp-block-separator has-alpha-channel-opacity\"\/>\n\n\n\n<figure class=\"wp-block-image size-large\"><img loading=\"lazy\" decoding=\"async\" width=\"1024\" height=\"683\" src=\"https:\/\/korestudio.fr\/wp-content\/uploads\/2025\/04\/attestation-new-OPT-1024x683.jpg\" alt=\"\" class=\"wp-image-2161\" srcset=\"https:\/\/korestudio.fr\/wp-content\/uploads\/2025\/04\/attestation-new-OPT-1024x683.jpg 1024w, https:\/\/korestudio.fr\/wp-content\/uploads\/2025\/04\/attestation-new-OPT-300x200.jpg 300w, https:\/\/korestudio.fr\/wp-content\/uploads\/2025\/04\/attestation-new-OPT-768x512.jpg 768w, https:\/\/korestudio.fr\/wp-content\/uploads\/2025\/04\/attestation-new-OPT-1536x1024.jpg 1536w, https:\/\/korestudio.fr\/wp-content\/uploads\/2025\/04\/attestation-new-OPT-2048x1365.jpg 2048w, https:\/\/korestudio.fr\/wp-content\/uploads\/2025\/04\/attestation-new-OPT-1568x1045.jpg 1568w\" sizes=\"(max-width: 1024px) 100vw, 1024px\" \/><figcaption class=\"wp-element-caption\">Image d&rsquo;illustration<\/figcaption><\/figure>\n\n\n\n<h2 class=\"wp-block-heading\">\u2705 Une formation concr\u00e8te, dans un studio r\u00e9put\u00e9, avec une professeure exp\u00e9riment\u00e9e<\/h2>\n\n\n\n<p>Kore Studio, centre de Pilates reconnu sur le Bassin d&rsquo;Arcachon et dans la r\u00e9gion bordelaise (Mios), vous propose une formation professionnalisante \u00e0 taille humaine. Ici, pas de formation impersonnelle : vous apprenez <strong>dans un vrai studio<\/strong>, en pr\u00e9sentiel ou en visio, avec <strong>une professeure exp\u00e9riment\u00e9e<\/strong> qui enseigne quotidiennement le Pilates tous niveaux.<\/p>\n\n\n\n<blockquote class=\"wp-block-quote is-layout-flow wp-block-quote-is-layout-flow\">\n<blockquote class=\"wp-block-quote is-layout-flow wp-block-quote-is-layout-flow\">\n<p>\u201cTransmettre le Pilates ne s\u2019improvise pas : notre formation vous donne les vraies bases pour enseigner avec confiance, que vous soyez en reconversion ou d\u00e9j\u00e0 professionnel.le du mouvement.\u201d<\/p>\n<\/blockquote>\n\n\n\n<hr class=\"wp-block-separator has-alpha-channel-opacity\"\/>\n<\/blockquote>\n\n\n\n<h2 class=\"wp-block-heading\" id=\"Infos\">\ud83c\udf93 Prochaine session : JUIN 2026<\/h2>\n\n\n\n<p id=\"tarif\"><code>\ud83d\udcc5<\/code> <span style=\"text-decoration: underline;\"><strong>Dates<\/strong> :<\/span> du 25 au 28 JUIN 2026 \u23f1\ufe0f <span style=\"text-decoration: underline;\"><strong>Dur\u00e9e<\/strong> :<\/span> <strong>27 heures de formation + 6 heures d\u2019observation<\/strong><br>\ud83c\udfe0 \/ \ud83d\udcbb <span style=\"text-decoration: underline;\"><strong>Format<\/strong> :<\/span> En <strong>pr\u00e9sentiel \u00e0 Kore Studio<\/strong> (possibilit\u00e9 de navettes gare sncf &lt;-> studio) ou <strong>\u00e0 distance<\/strong> <strong>en direct en visio<\/strong> <strong>HD<\/strong> (selon disponibilit\u00e9)<br>\ud83d\udcb6 <span style=\"text-decoration: underline;\"><strong>Tarif<\/strong> :<\/span> <strong>750 \u20ac <\/strong>en autofinancement ou 945\u20ac financement pro (aides professionnelles comme le FIF-PL, Agecif&#8230;)<\/p>\n\n\n\n<p>\ud83e\uddfe <strong>Attestation de formation professionnelle remise \u00e0 la fin.<\/strong><\/p>\n\n\n\n\n\n\n\n<figure class=\"wp-block-image size-large\"><img loading=\"lazy\" decoding=\"async\" width=\"1024\" height=\"768\" src=\"https:\/\/korestudio.fr\/wp-content\/uploads\/2025\/03\/pilatesmat1-1-OPT-1024x768.jpg\" alt=\"\" class=\"wp-image-2114\" srcset=\"https:\/\/korestudio.fr\/wp-content\/uploads\/2025\/03\/pilatesmat1-1-OPT-1024x768.jpg 1024w, https:\/\/korestudio.fr\/wp-content\/uploads\/2025\/03\/pilatesmat1-1-OPT-300x225.jpg 300w, https:\/\/korestudio.fr\/wp-content\/uploads\/2025\/03\/pilatesmat1-1-OPT-768x576.jpg 768w, https:\/\/korestudio.fr\/wp-content\/uploads\/2025\/03\/pilatesmat1-1-OPT-1536x1152.jpg 1536w, https:\/\/korestudio.fr\/wp-content\/uploads\/2025\/03\/pilatesmat1-1-OPT-2048x1536.jpg 2048w, https:\/\/korestudio.fr\/wp-content\/uploads\/2025\/03\/pilatesmat1-1-OPT-1568x1176.jpg 1568w\" sizes=\"(max-width: 1024px) 100vw, 1024px\" \/><\/figure>\n\n\n\n<hr class=\"wp-block-separator has-alpha-channel-opacity\"\/>\n\n\n\n<h2 class=\"wp-block-heading\">\ud83d\udcc5 Une formation condens\u00e9e et compl\u00e8te<\/h2>\n\n\n\n<p>Vous apprendrez \u00e0 :<\/p>\n\n\n\n<ul class=\"wp-block-list\">\n<li>Ma\u00eetriser les fondamentaux de la m\u00e9thode Pilates (niveau 1)<\/li>\n\n\n\n<li>Corriger, guider et adapter les exercices \u00e0 diff\u00e9rents profils d&rsquo;\u00e9l\u00e8ves<\/li>\n\n\n\n<li>Cr\u00e9er un cours s\u00e9curis\u00e9 et structurant pour vos \u00e9l\u00e8ves<\/li>\n<\/ul>\n\n\n\n<p>En plus, vous assisterez \u00e0 6 heures de cours donn\u00e9s par des profs certifi\u00e9s pour observer la mise en pratique en conditions r\u00e9elles.<\/p>\n\n\n\n<hr class=\"wp-block-separator has-alpha-channel-opacity\"\/>\n\n\n\n<h2 class=\"wp-block-heading\">\ud83d\udeb6 Pour qui ?<\/h2>\n\n\n\n<ul class=\"wp-block-list\">\n<li>Professeurs de danse, yoga, fitness ou kin\u00e9s<\/li>\n\n\n\n<li>Passionn\u00e9(e)s de Pilates qui souhaitent se reconvertir ou transmettre<\/li>\n\n\n\n<li>Pratiquants assidus qui veulent structurer leur savoir<\/li>\n<\/ul>\n\n\n\n<p><strong>Aucun pr\u00e9requis obligatoire pour la formation, mais une bonne connaissance du Pilates est recommand\u00e9e.<\/strong><\/p>\n\n\n\n<p>Vous souhaitez enseigner le Pilates apr\u00e8s la formation ? Pour exercer en France il faut avoir un BPJEPS M\u00e9tiers de la forme (ou \u00e9quivalent) ou un CQP ALS (ou \u00e9quivalent) ou un DE (danse, sport, activit\u00e9 physique).<\/p>\n\n\n\n<hr class=\"wp-block-separator has-alpha-channel-opacity\"\/>\n\n\n\n<figure class=\"wp-block-image size-large\"><img loading=\"lazy\" decoding=\"async\" width=\"819\" height=\"1024\" src=\"https:\/\/korestudio.fr\/wp-content\/uploads\/2026\/03\/reminder-13-819x1024.png\" alt=\"\" class=\"wp-image-3521\" srcset=\"https:\/\/korestudio.fr\/wp-content\/uploads\/2026\/03\/reminder-13-819x1024.png 819w, https:\/\/korestudio.fr\/wp-content\/uploads\/2026\/03\/reminder-13-240x300.png 240w, https:\/\/korestudio.fr\/wp-content\/uploads\/2026\/03\/reminder-13-768x960.png 768w, https:\/\/korestudio.fr\/wp-content\/uploads\/2026\/03\/reminder-13-864x1080.png 864w, https:\/\/korestudio.fr\/wp-content\/uploads\/2026\/03\/reminder-13.png 1080w\" sizes=\"(max-width: 819px) 100vw, 819px\" \/><\/figure>\n\n\n\n<h2 class=\"wp-block-heading\" id=\"choisir\">\u2b50 Pourquoi choisir Kore Studio ?<\/h2>\n\n\n\n<ul class=\"wp-block-list\">\n<li>\u2705 Studio reconnu dans sa r\u00e9gion, cadre agr\u00e9able et \u00e9quipement optimal.<\/li>\n\n\n\n<li>\u2705 Formation \u00e0 taille humaine, bienveillante et exigeante<\/li>\n\n\n\n<li>\u2705 \ud83d\udc69\u200d\ud83c\udfeb Encadrement par une formatrice qui enseigne le Pilates tous les jours depuis + de 10 ans.<\/li>\n\n\n\n<li>\u2705 Possibilit\u00e9 de suivre \u00e0 distance pour les personnes ne pouvant pas se d\u00e9placer dans le Sud-Ouest.<\/li>\n\n\n\n<li>\u2705 Appelez-nous (ou venez nous rendre visite), on r\u00e9pond \u00e0 toutes vos questions !<\/li>\n<\/ul>\n\n\n\n<blockquote class=\"wp-block-quote is-layout-flow wp-block-quote-is-layout-flow\">\n<p>\u201cSuper formation : tr\u00e8s compl\u00e8te, Julie est tr\u00e8s bienveillante et la formation est tout de suite applicable dans mes cours.\u201d<br>\u2013 Sarah, B\u00e8gles (33), prof de yoga form\u00e9e en 2024<\/p>\n<\/blockquote>\n\n\n\n<hr class=\"wp-block-separator has-alpha-channel-opacity\"\/>\n\n\n\n<h2 class=\"wp-block-heading\" id=\"resa\">\u26a1 Nombre de places limit\u00e9 : petit groupe pour un accompagnement personnalis\u00e9<\/h2>\n\n\n\n<h2 class=\"wp-block-heading\">\u2709 <strong>R\u00e9servez votre place maintenant<\/strong>:<\/h2>\n\n\n\n<div class=\"wp-block-buttons is-layout-flex wp-block-buttons-is-layout-flex\">\n<div class=\"wp-block-button\"><a class=\"wp-block-button__link wp-element-button\" href=\"https:\/\/forms.gle\/KcKjeocbn4jVrfVy7\" target=\"_blank\" rel=\"noreferrer noopener\">Je souhaite m&rsquo;inscrire<\/a><\/div>\n<\/div>\n\n\n\n<h2 class=\"wp-block-heading\"><strong>Je pose une question \/ Je demande un appel d\u00e9couverte<\/strong>:<\/h2>\n\n\n\n<div class=\"wp-block-jetpack-send-a-message\">\n<div class=\"wp-block-jetpack-whatsapp-button is-color-dark\"><a class=\"whatsapp-block__button\" href=\"https:\/\/api.whatsapp.com\/send?phone=330757127363&amp;text=Bonjour%2C%20j%E2%80%99ai%20trouv%C3%A9%20vos%20informations%20WhatsApp%20sur%20votre%20site%20Web.\" style=\"background-color:#25D366;color:#fff\" target=\"_self\" rel=\"noopener noreferrer\">Discuter sur WhatsApp<\/a><\/div>\n<\/div>\n\n\n\n<p><strong>Contact<\/strong><\/p>\n\n\n\n<p>Julie Moryousef-Fontaine 07.57.12.73.63 &#8211; contact@korestudio.fr<\/p>\n\n\n\n<hr class=\"wp-block-separator has-alpha-channel-opacity\"\/>\n\n\n\n<h2 class=\"wp-block-heading\">\u2753 Foire aux questions (FAQ)<\/h2>\n\n\n\n<p><strong>1. Est-ce que je peux suivre la formation m\u00eame si je ne suis pas professeur de sport ?<\/strong><br>Oui, la formation est ouverte \u00e0 toute personne motiv\u00e9e, avec une bonne connaissance du Pilates. Vous n&rsquo;avez pas besoin d&rsquo;\u00eatre professeur pour y participer.<\/p>\n\n\n\n<p><strong>2. Je ne suis pas s\u00fbr(e) d&rsquo;avoir le niveau, comment savoir si c&rsquo;est fait pour moi ?<\/strong><br>Si vous pratiquez le Pilates r\u00e9guli\u00e8rement et souhaitez transmettre ou structurer votre pratique, cette formation est faite pour vous. Si vous souhaitez proposer des cours de Pilates qualitatifs et commencez \u00e0 d\u00e9velopper votre client\u00e8le (en studio, en mairie, ou dans votre propre structure), cette formation est faite pour vous. Vous pouvez aussi nous contacter pour en discuter.<\/p>\n\n\n\n<p><strong>3. Puis-je vraiment enseigner le Pilates apr\u00e8s cette formation ?<\/strong><br>La formation vous permet d&rsquo;acqu\u00e9rir les comp\u00e9tences n\u00e9cessaires pour enseigner le niveau Matwork 1. Toutefois, pour enseigner le Pilates de mani\u00e8re l\u00e9gale en France, il est n\u00e9cessaire de d\u00e9tenir un dipl\u00f4me d&rsquo;Etat ou professionnel comme le BPJEPS, CQP ALS ou DE. Vous devrez \u00e9galement valider <strong>20 heures de pratique supervis\u00e9e<\/strong> avant de commencer \u00e0 enseigner.<\/p>\n\n\n\n<p><strong>4. Y a-t-il un examen ?<\/strong><br>Oui mais c&rsquo;est une \u00e9valuation qui se fait de fa\u00e7on continue pendant la formation, avec des retours personnalis\u00e9s. L&rsquo;objectif est de vous rendre comp\u00e9tent(e) et confiant(e), pas de vous pi\u00e9ger. Quelques mati\u00e8res (comme l&rsquo;anatomie) feront l&rsquo;objet d&rsquo;un contr\u00f4le de connaissance.<\/p>\n\n\n\n<p><strong>5. Pourquoi la formation n&rsquo;est-elle pas finan\u00e7able par le CPF ?<\/strong><br>Pour qu\u2019une formation soit \u00e9ligible au CPF, il faut payer et suivre un processus administratif tr\u00e8s lourd pour l\u2019enregistrer au RNCP. Cela n\u2019en fait pas une meilleure formation, et dans le domaine du Pilates, cela n\u2019apporte aucun dipl\u00f4me suppl\u00e9mentaire.<br>Souvent, les formations CPF sont beaucoup plus ch\u00e8res \u00e0 cause de ces d\u00e9marches.<br>Chez Kore Studio, nous avons fait le choix de proposer une formation <strong>accessible, concr\u00e8te et qualitative<\/strong>, sans d\u00e9pendre de ces lourdeurs.<br>C\u2019est une d\u00e9marche <strong>d\u2019autofinancement volontaire<\/strong>, qui attire des <strong>\u00e9l\u00e8ves motiv\u00e9s<\/strong> et investis.<br>\ud83d\udc49 C\u2019est un vrai <strong>investissement sur vous-m\u00eame<\/strong>, pas une simple case \u00e0 cocher dans un dossier administratif.<\/p>\n\n\n\n<p><strong>6. Et si j&rsquo;ai un emp\u00eachement ou que je ne peux plus participer ?<\/strong><br>Contactez-nous au plus vite : nous verrons ensemble les solutions possibles selon le cas (report, remboursement partiel, bascule en visio&#8230;).<\/p>\n\n\n\n<p><strong>7. Le format visio est-il aussi efficace que le pr\u00e9sentiel ?<\/strong><br>Oui, vous \u00eates en petit groupe, encadr\u00e9 en direct par la formatrice. L&rsquo;interaction est constante. Seule diff\u00e9rence : vous \u00eates chez vous, mais tout le reste est identique. Si vous le pouvez, le pr\u00e9sentiel est recommand\u00e9, mais la formation en visio vous apportera exactement les m\u00eames comp\u00e9tences et vous aurez la m\u00eame attention. La visio se fait en haute d\u00e9finition (son et image), assurez-vous simplement d&rsquo;avoir un lieu adapt\u00e9 pour vos mouvements et une connexion internet suffisamment rapide. Vous aurez une vue d&rsquo;ensemble sur la salle et la professeure prendra le m\u00eame temps pour vous que pour chaque autre \u00e9l\u00e8ve. Vous pourrez \u00e9galement intervenir librement et poser vos questions ou interpeller la professeure quand vous le souhaitez.<\/p>\n\n\n\n<p><strong>8. Combien de temps faut-il pr\u00e9voir au total ?<\/strong><br>La formation se fait sur 4 jours, avec 6 heures d&rsquo;observation \u00e0 programmer \u00e0 votre rythme (en visio ou pr\u00e9sentiel selon votre choix). Il faut ensuite valider <strong>20 heures de pratique supervis\u00e9e<\/strong> (en pr\u00e9sentiel uniquement, mais ces heures peuvent se pratiquer dans n&rsquo;importe quel studio de pilates o\u00f9 enseigne un professeur certifi\u00e9 par un autre professeur certifi\u00e9 &#8211; pour les \u00e9l\u00e8ves souhaitant valider leurs heures \u00e0 Kor\u0113 Studio il y a un tarif pr\u00e9f\u00e9rentiel de -20%).<\/p>\n\n\n\n<p><strong>9. Puis-je payer en plusieurs fois ?<\/strong><br>Oui, le paiement est possible en 3 fois sans frais, soit 240\u20ac par paiement.<\/p>\n\n\n\n<p><strong>10. Combien de places reste-t-il ?<\/strong><br>Nous limitons la formation \u00e0 8 personnes maximum par session. Il reste quelques places pour la prochaine session. Ne tardez pas \u00e0 vous inscrire!<\/p>\n\n\n\n<div class=\"wp-block-buttons is-layout-flex wp-block-buttons-is-layout-flex\">\n<div class=\"wp-block-button\"><a class=\"wp-block-button__link wp-element-button\" href=\"https:\/\/forms.gle\/KcKjeocbn4jVrfVy7\" target=\"_blank\" rel=\"noreferrer noopener\">Je souhaite m&rsquo;inscrire<\/a><\/div>\n<\/div>\n","protected":false},"excerpt":{"rendered":"<p>Formation Pilates Matwork 1Pr\u00e9sentiel ou Visio | 27h + 6h d&rsquo;observation (sur 4 jours &#8211; 25,26,27 et 28 JUIN 2026) | Attestation professionnelle \u2705 Une formation concr\u00e8te, dans un studio r\u00e9put\u00e9, avec une professeure exp\u00e9riment\u00e9e Kore Studio, centre de Pilates reconnu sur le Bassin d&rsquo;Arcachon et dans la r\u00e9gion bordelaise (Mios), vous propose une formation [&hellip;]<\/p>\n","protected":false},"author":1,"featured_media":0,"parent":0,"menu_order":0,"comment_status":"closed","ping_status":"closed","template":"","meta":{"saved_in_kubio":true,"footnotes":""},"class_list":["post-1846","page","type-page","status-publish","hentry"],"kubio_ai_page_context":{"short_desc":"","purpose":"general"},"_links":{"self":[{"href":"https:\/\/korestudio.fr\/index.php\/wp-json\/wp\/v2\/pages\/1846","targetHints":{"allow":["GET"]}}],"collection":[{"href":"https:\/\/korestudio.fr\/index.php\/wp-json\/wp\/v2\/pages"}],"about":[{"href":"https:\/\/korestudio.fr\/index.php\/wp-json\/wp\/v2\/types\/page"}],"author":[{"embeddable":true,"href":"https:\/\/korestudio.fr\/index.php\/wp-json\/wp\/v2\/users\/1"}],"replies":[{"embeddable":true,"href":"https:\/\/korestudio.fr\/index.php\/wp-json\/wp\/v2\/comments?post=1846"}],"version-history":[{"count":42,"href":"https:\/\/korestudio.fr\/index.php\/wp-json\/wp\/v2\/pages\/1846\/revisions"}],"predecessor-version":[{"id":3522,"href":"https:\/\/korestudio.fr\/index.php\/wp-json\/wp\/v2\/pages\/1846\/revisions\/3522"}],"wp:attachment":[{"href":"https:\/\/korestudio.fr\/index.php\/wp-json\/wp\/v2\/media?parent=1846"}],"curies":[{"name":"wp","href":"https:\/\/api.w.org\/{rel}","templated":true}]}}