{"id":222,"date":"2021-11-26T12:08:50","date_gmt":"2021-11-26T11:08:50","guid":{"rendered":"https:\/\/korestudio.fr\/?page_id=222"},"modified":"2025-09-14T09:33:32","modified_gmt":"2025-09-14T07:33:32","slug":"lequipe-kore-studio","status":"publish","type":"page","link":"https:\/\/korestudio.fr\/index.php\/a-propos\/lequipe-kore-studio\/","title":{"rendered":"L&rsquo;\u00e9quipe Kor\u0113 Studio"},"content":{"rendered":"\n<div style=\"height:20px\" aria-hidden=\"true\" class=\"wp-block-spacer\"><\/div>\n\n\n\n<div class=\"wp-block-group alignfull\"><div class=\"wp-block-group__inner-container is-layout-flow wp-block-group-is-layout-flow\">\n<div class=\"wp-block-jetpack-layout-grid alignfull column1-desktop-grid__span-3 column1-desktop-grid__start-2 column1-desktop-grid__row-1 column2-desktop-grid__span-6 column2-desktop-grid__start-6 column2-desktop-grid__row-1 column1-tablet-grid__span-3 column1-tablet-grid__row-1 column2-tablet-grid__span-5 column2-tablet-grid__start-4 column2-tablet-grid__row-1 column1-mobile-grid__span-4 column1-mobile-grid__row-1 column2-mobile-grid__span-4 column2-mobile-grid__row-2\">\n<div class=\"wp-block-jetpack-layout-grid-column wp-block-jetpack-layout-grid__padding-none\">\n<figure class=\"wp-block-image size-medium is-style-circle-mask\"><img loading=\"lazy\" decoding=\"async\" width=\"1880\" height=\"1253\" src=\"https:\/\/korestudiofr.files.wordpress.com\/2021\/11\/pexels-photo-1000445.jpeg?w=300\" alt=\"\" class=\"wp-image-225\" srcset=\"https:\/\/korestudio.fr\/wp-content\/uploads\/2021\/11\/pexels-photo-1000445.jpeg 1880w, https:\/\/korestudio.fr\/wp-content\/uploads\/2021\/11\/pexels-photo-1000445-300x200.jpeg 300w, https:\/\/korestudio.fr\/wp-content\/uploads\/2021\/11\/pexels-photo-1000445-1024x682.jpeg 1024w, https:\/\/korestudio.fr\/wp-content\/uploads\/2021\/11\/pexels-photo-1000445-768x512.jpeg 768w, https:\/\/korestudio.fr\/wp-content\/uploads\/2021\/11\/pexels-photo-1000445-1536x1024.jpeg 1536w\" sizes=\"(max-width: 1880px) 100vw, 1880px\" \/><\/figure>\n<\/div>\n\n\n\n<div class=\"wp-block-jetpack-layout-grid-column wp-block-jetpack-layout-grid__padding-none\">\n<h2 class=\"wp-block-heading\" id=\"votre-equipe-vous-accueille\">Votre \u00e9quipe vous accueille.<\/h2>\n\n\n\n<p class=\"has-text-align-justify\">Kor\u0113 Studio est un centre de Pilates, de danse, de coaching et de sant\u00e9, fond\u00e9 par Julie Moryousef et Nicolas Fontaine. Notre \u00e9quipe accueille des professionnels de sant\u00e9 param\u00e9dicale et des professeurs sp\u00e9cialistes de leur discipline, tous dipl\u00f4m\u00e9s d&rsquo;\u00e9tat. D\u00e9couvrez l&rsquo;\u00e9quipe qui prend soin de vous.<\/p>\n<\/div>\n<\/div>\n\n\n\n<div class=\"wp-block-jetpack-layout-grid alignfull column1-desktop-grid__span-3 column1-desktop-grid__start-2 column1-desktop-grid__row-1 column2-desktop-grid__span-6 column2-desktop-grid__start-6 column2-desktop-grid__row-1 column1-tablet-grid__span-3 column1-tablet-grid__row-1 column2-tablet-grid__span-5 column2-tablet-grid__start-4 column2-tablet-grid__row-1 column1-mobile-grid__span-4 column1-mobile-grid__row-1 column2-mobile-grid__span-4 column2-mobile-grid__row-2\">\n<div class=\"wp-block-jetpack-layout-grid-column wp-block-jetpack-layout-grid__padding-none\">\n<figure class=\"wp-block-image size-large is-style-circle-mask\"><img loading=\"lazy\" decoding=\"async\" width=\"1284\" height=\"964\" src=\"https:\/\/korestudiofr.files.wordpress.com\/2021\/07\/img_3680-edited.jpg?w=1024\" alt=\"\" class=\"wp-image-53\" srcset=\"https:\/\/korestudio.fr\/wp-content\/uploads\/2021\/07\/img_3680-edited.jpg 1284w, https:\/\/korestudio.fr\/wp-content\/uploads\/2021\/07\/img_3680-edited-300x225.jpg 300w, https:\/\/korestudio.fr\/wp-content\/uploads\/2021\/07\/img_3680-edited-1024x769.jpg 1024w, https:\/\/korestudio.fr\/wp-content\/uploads\/2021\/07\/img_3680-edited-768x577.jpg 768w\" sizes=\"(max-width: 1284px) 100vw, 1284px\" \/><\/figure>\n<\/div>\n\n\n\n<div class=\"wp-block-jetpack-layout-grid-column wp-block-jetpack-layout-grid__padding-none\">\n<h2 class=\"wp-block-heading\" id=\"votre-equipe-vous-accueille\">Julie Moryousef-Fontaine <\/h2>\n\n\n\n<p><strong>Directrice &#8211; Instructrice Pilates &#8211;  Professeur de danse classique<\/strong><\/p>\n\n\n\n<p class=\"has-text-align-justify\">Professeur de danse dipl\u00f4m\u00e9e d\u2019\u00e9tat (DE danse classique) et instructrice Pilates form\u00e9e \u00e0 Core Pilates New-York (USA). <\/p>\n\n\n\n<p class=\"has-text-align-justify\">Elle poss\u00e8de les qualifications Pilates reformer (machine) et cadillac, Pilates pr\u00e9 et post natal, Pilates s\u00e9nior et Pilates adapt\u00e9 (pathologies diverses, cancer du sein), pilates enfants, Barrel &amp; stability chair. Elle est \u00e9galement dipl\u00f4m\u00e9e en Progressing Ballet Technique et du niveau 1 en sport sant\u00e9.<\/p>\n\n\n\n<p class=\"has-text-align-justify\">Forte d&rsquo;une exp\u00e9rience de presque 20 ans d&rsquo;enseignement, elle a enseign\u00e9 en conservatoires et a dirig\u00e9 deux \u00e9coles priv\u00e9es. Elle aime transmettre \u00e0 toutes les g\u00e9n\u00e9rations et s&rsquo;adapte \u00e0 vos demandes. Passionn\u00e9e par le mouvement, le pilates est devenu comme une \u00e9vidence, dans la suite logique de sa carri\u00e8re de danseuse et professeur de danse toujours \u00e0 la recherche du positionnement juste, de la fluidit\u00e9 du mouvement et de la connexion corps &amp; esprit. <\/p>\n\n\n\n<p class=\"has-text-align-justify\">En danse classique , plusieurs de ses \u00e9l\u00e8ves ont int\u00e9gr\u00e9s de grandes \u00e9coles (CNSM, Acad\u00e9mie Princesse Grace de Monaco, Op\u00e9ra de Vienne&#8230;) et ont eu de nombreux prix en concours nationaux et internationaux.<\/p>\n<\/div>\n<\/div>\n\n\n\n<div class=\"wp-block-jetpack-layout-grid alignfull column1-desktop-grid__span-3 column1-desktop-grid__start-2 column1-desktop-grid__row-1 column2-desktop-grid__span-6 column2-desktop-grid__start-6 column2-desktop-grid__row-1 column1-tablet-grid__span-3 column1-tablet-grid__row-1 column2-tablet-grid__span-5 column2-tablet-grid__start-4 column2-tablet-grid__row-1 column1-mobile-grid__span-4 column1-mobile-grid__row-1 column2-mobile-grid__span-4 column2-mobile-grid__row-2\">\n<div class=\"wp-block-jetpack-layout-grid-column wp-block-jetpack-layout-grid__padding-none\">\n<figure class=\"wp-block-image size-medium is-style-circle-mask\"><img loading=\"lazy\" decoding=\"async\" width=\"226\" height=\"300\" src=\"https:\/\/korestudio.fr\/wp-content\/uploads\/2022\/01\/chrndzffxvz9mhf7ohe0-226x300.jpeg\" alt=\"\" class=\"wp-image-477\" srcset=\"https:\/\/korestudio.fr\/wp-content\/uploads\/2022\/01\/chrndzffxvz9mhf7ohe0-226x300.jpeg 226w, https:\/\/korestudio.fr\/wp-content\/uploads\/2022\/01\/chrndzffxvz9mhf7ohe0.jpeg 250w\" sizes=\"(max-width: 226px) 100vw, 226px\" \/><\/figure>\n<\/div>\n\n\n\n<div class=\"wp-block-jetpack-layout-grid-column wp-block-jetpack-layout-grid__padding-none\">\n<h2 class=\"wp-block-heading\" id=\"votre-equipe-vous-accueille\">Claire Arnoult<\/h2>\n\n\n\n<p><strong>Osteopathe &#8211; Th\u00e9rapeute \u00e9motionnelle<\/strong><\/p>\n\n\n\n<p class=\"has-text-align-justify\">Ost\u00e9opathe dipl\u00f4m\u00e9e en 2008, Claire officie en cabinet au sein de Kore Studio et \u00e0 M\u00e9rignac (33). Elle poss\u00e8de des formations en d\u00e9sengrammation en ost\u00e9opathie \u00e9nerg\u00e9tique, ost\u00e9opathie p\u00e9diatrique, d\u00e9codage biologique des maladies et <br>inversion emotionnelle. Ayant fait de sa passion son m\u00e9tier, elle prend en charge les enfants et les nourrissons, les femmes enceintes, les sportifs, les adultes et les seniors. Du traitement de la douleur passag\u00e8re (traumatisme musculaire ou articulaire) au trouble fonctionnel, elle soulage et soigne vos maux par des manipulations douces. Votre corps vous parle, il est essentiel de l\u2019\u00e9couter, il s\u2019exprime en fonction de certains sch\u00e9mas comportementaux induient dans l\u2019enfance et \u00e0 certains \u00e9v\u00e8nements de votre vie. Claire est pr\u00e9sente pour vous soutenir au travers du mouvement de la vie qui pars\u00e8me parfois quelques obstacles. Elle \u00e9coute vos Mots, pointe du doigt le ou les origines corporelles ou \u00e9motionnelles et vous accompagne pour vous lib\u00e9rer de vos Maux vers une meilleure version de vous m\u00eame. <\/p>\n\n\n\n<p class=\"has-text-align-justify\">Prenez rendez-vous par t\u00e9l\u00e9phone au 0669109708 ou sur sa page&nbsp;<a rel=\"noreferrer noopener\" href=\"https:\/\/www.doctolib.fr\/osteopathe\/merignac\/claire-arnoult?pid=practice-232700\" target=\"_blank\">Doctolib<\/a>.<\/p>\n<\/div>\n<\/div>\n\n\n\n<div class=\"wp-block-jetpack-layout-grid alignfull column1-desktop-grid__span-3 column1-desktop-grid__start-2 column1-desktop-grid__row-1 column2-desktop-grid__span-6 column2-desktop-grid__start-6 column2-desktop-grid__row-1 column1-tablet-grid__span-3 column1-tablet-grid__row-1 column2-tablet-grid__span-5 column2-tablet-grid__start-4 column2-tablet-grid__row-1 column1-mobile-grid__span-4 column1-mobile-grid__row-1 column2-mobile-grid__span-4 column2-mobile-grid__row-2\">\n<div class=\"wp-block-jetpack-layout-grid-column wp-block-jetpack-layout-grid__padding-none\">\n<figure class=\"wp-block-image size-medium is-style-circle-mask\"><img loading=\"lazy\" decoding=\"async\" width=\"180\" height=\"300\" src=\"https:\/\/korestudio.fr\/wp-content\/uploads\/2025\/08\/PHOTO-2025-07-17-14-33-18-180x300.jpg\" alt=\"\" class=\"wp-image-2923\" srcset=\"https:\/\/korestudio.fr\/wp-content\/uploads\/2025\/08\/PHOTO-2025-07-17-14-33-18-180x300.jpg 180w, https:\/\/korestudio.fr\/wp-content\/uploads\/2025\/08\/PHOTO-2025-07-17-14-33-18-614x1024.jpg 614w, https:\/\/korestudio.fr\/wp-content\/uploads\/2025\/08\/PHOTO-2025-07-17-14-33-18-768x1281.jpg 768w, https:\/\/korestudio.fr\/wp-content\/uploads\/2025\/08\/PHOTO-2025-07-17-14-33-18-921x1536.jpg 921w, https:\/\/korestudio.fr\/wp-content\/uploads\/2025\/08\/PHOTO-2025-07-17-14-33-18-648x1080.jpg 648w, https:\/\/korestudio.fr\/wp-content\/uploads\/2025\/08\/PHOTO-2025-07-17-14-33-18.jpg 1228w\" sizes=\"(max-width: 180px) 100vw, 180px\" \/><\/figure>\n<\/div>\n\n\n\n<div class=\"wp-block-jetpack-layout-grid-column wp-block-jetpack-layout-grid__padding-none\">\n<h2 class=\"wp-block-heading\" id=\"votre-equipe-vous-accueille\">Jennyfer  Blasquez<\/h2>\n\n\n\n<p><strong>Psychomotricienne<\/strong><\/p>\n\n\n\n<p><\/p>\n\n\n\n<p class=\"has-text-align-justify\">Prise de rdv en ligne sur <a href=\"https:\/\/docorga.com\/praticien\/62f6525cefea281fa87ee164\" data-type=\"link\" data-id=\"https:\/\/docorga.com\/praticien\/62f6525cefea281fa87ee164\">Docorga<\/a><\/p>\n\n\n\n<p><\/p>\n\n\n\n<p class=\"has-text-align-justify\">Je re\u00e7ois des patients de tous les \u00e2ges, du b\u00e9b\u00e9 \u00e0 la personne \u00e2g\u00e9e. Mes activit\u00e9s(\u00e9ducation, pr\u00e9vention, \u00e9ducation \u00e0 la sant\u00e9, r\u00e9\u00e9ducation, th\u00e9rapie psychocorporelle) sont r\u00e9glement\u00e9es par un d\u00e9cret de comp\u00e9tences.<br>Le bilan psychomoteur permet de mieux cerner les besoins.<br>Je prends en charge les difficult\u00e9s motrices, psychologiques, \u00e9motionnelles, affectives ou intellectuelles v\u00e9cues et exprim\u00e9es par le corps.<br>Les suivis se realisent en individuel ou en groupe.<br>J&rsquo;utilise des m\u00e9diations ( rythme, musique, danse activit\u00e9s plastiques).<\/p>\n<\/div>\n<\/div>\n\n\n\n<div class=\"wp-block-jetpack-layout-grid alignfull column1-desktop-grid__span-3 column1-desktop-grid__start-2 column1-desktop-grid__row-1 column2-desktop-grid__span-6 column2-desktop-grid__start-6 column2-desktop-grid__row-1 column1-tablet-grid__span-3 column1-tablet-grid__row-1 column2-tablet-grid__span-5 column2-tablet-grid__start-4 column2-tablet-grid__row-1 column1-mobile-grid__span-4 column1-mobile-grid__row-1 column2-mobile-grid__span-4 column2-mobile-grid__row-2\">\n<div class=\"wp-block-jetpack-layout-grid-column wp-block-jetpack-layout-grid__padding-none\">\n<figure class=\"wp-block-image size-large is-style-circle-mask\"><img decoding=\"async\" src=\"https:\/\/korestudiofr.files.wordpress.com\/2023\/01\/img_9022.jpg?w=768\" alt=\"\" class=\"wp-image-824\"\/><\/figure>\n<\/div>\n\n\n\n<div class=\"wp-block-jetpack-layout-grid-column wp-block-jetpack-layout-grid__padding-none\">\n<h2 class=\"wp-block-heading\" id=\"votre-equipe-vous-accueille\">Ana\u00efs Morraglia<\/h2>\n\n\n\n<p><strong>Kin\u00e9siologue<\/strong><\/p>\n\n\n\n<p class=\"has-text-align-justify\">La kin\u00e9siologie consiste \u00e0 \u00e9couter les messages du corps, pour mettre plus facilement des mots sur les maux, se lib\u00e9rer de ses blocages et d\u00e9couvrir en soi les cl\u00e9s pour r\u00e9tablir son \u00e9quilibre physique, psychologique, \u00e9motionnel et \u00e9nerg\u00e9tique.<\/p>\n\n\n\n<p>Form\u00e9e \u00e0 la kin\u00e9siologie \u00e0 l\u2019EDUTM de Bordeaux, une \u00e9cole sp\u00e9cialis\u00e9e dans l&rsquo;adaptog\u00e9n\u00e8se.<\/p>\n\n\n\n<p>Prise de rendez-vous par t\u00e9l\u00e9phone au 06.24.43.90.33 ou sur le site:<\/p>\n\n\n\n<p><a href=\"http:\/\/www.anais-morraglia-kinesiologue.fr\/\" rel=\"noreferrer noopener\" target=\"_blank\">www.anais-morraglia-kinesiologue.fr<\/a><\/p>\n<\/div>\n<\/div>\n\n\n\n<div class=\"wp-block-jetpack-layout-grid alignfull column1-desktop-grid__span-3 column1-desktop-grid__start-2 column1-desktop-grid__row-1 column2-desktop-grid__span-6 column2-desktop-grid__start-6 column2-desktop-grid__row-1 column1-tablet-grid__span-3 column1-tablet-grid__row-1 column2-tablet-grid__span-5 column2-tablet-grid__start-4 column2-tablet-grid__row-1 column1-mobile-grid__span-4 column1-mobile-grid__row-1 column2-mobile-grid__span-4 column2-mobile-grid__row-2\">\n<div class=\"wp-block-jetpack-layout-grid-column wp-block-jetpack-layout-grid__padding-none\">\n<figure class=\"wp-block-image size-full is-style-circle-mask\"><img loading=\"lazy\" decoding=\"async\" width=\"370\" height=\"430\" src=\"https:\/\/korestudio.fr\/wp-content\/uploads\/2024\/09\/Capture-decran-2024-09-02-a-10.12.13.png\" alt=\"\" class=\"wp-image-1566\" srcset=\"https:\/\/korestudio.fr\/wp-content\/uploads\/2024\/09\/Capture-decran-2024-09-02-a-10.12.13.png 370w, https:\/\/korestudio.fr\/wp-content\/uploads\/2024\/09\/Capture-decran-2024-09-02-a-10.12.13-258x300.png 258w\" sizes=\"(max-width: 370px) 100vw, 370px\" \/><\/figure>\n<\/div>\n\n\n\n<div class=\"wp-block-jetpack-layout-grid-column wp-block-jetpack-layout-grid__padding-none\">\n<h2 class=\"wp-block-heading\" id=\"votre-equipe-vous-accueille\">Alexia Sere<\/h2>\n\n\n\n<p><strong>Professeur de danse contemporaine<\/strong><\/p>\n\n\n\n<p>Professeur de danse contemporaine, danseuse interpr\u00e8te et chor\u00e9graphe de la Compagnie Axelaxe, fond\u00e9e depuis une vingtaine d\u2019ann\u00e9es. Dipl\u00f4m\u00e9e d\u2019\u00e9tat \u00e0 Bordeaux en 2000, elle enseigne la danse contemporaine depuis 18 ans au Conservatoire de Musique, Danse et Arts Dramatiques de Plaisir (78). Au cours de ces ann\u00e9es, elle a \u00e9t\u00e9 coordinatrice du d\u00e9partement Danse et enseignante pour la formation des \u00e9l\u00e8ves en cursus (de l&rsquo;\u00e9veil au 3\u00b0 cycle puis pour les adultes amateurs). Dans ce contexte, cela lui a permis de collaborer sur diff\u00e9rents projets avec d\u2019autres professeurs, notamment de musique ,d&rsquo;arts dramatiques et th\u00e9\u00e2tre.<br>Elle a \u00e9t\u00e9 \u00e9galement formatrice p\u00e9dagogique des professeurs des \u00e9coles et intervenante en milieu scolaire, avec par exemple l\u2019Education Artistique et Culturelle de la maternelle au primaire, mais aussi intervenante aupr\u00e8s de coll\u00e9giens et de lyc\u00e9ens, puis Hors les Murs en organisant des ateliers parents-enfants, p\u00e8res-enfants et s\u00e9niors-enfants.<\/p>\n<\/div>\n<\/div>\n\n\n\n<div class=\"wp-block-jetpack-layout-grid alignfull column1-desktop-grid__span-3 column1-desktop-grid__start-2 column1-desktop-grid__row-1 column2-desktop-grid__span-6 column2-desktop-grid__start-6 column2-desktop-grid__row-1 column1-tablet-grid__span-3 column1-tablet-grid__row-1 column2-tablet-grid__span-5 column2-tablet-grid__start-4 column2-tablet-grid__row-1 column1-mobile-grid__span-4 column1-mobile-grid__row-1 column2-mobile-grid__span-4 column2-mobile-grid__row-2\">\n<div class=\"wp-block-jetpack-layout-grid-column wp-block-jetpack-layout-grid__padding-none\">\n<figure class=\"wp-block-image size-full is-style-circle-mask\"><img loading=\"lazy\" decoding=\"async\" width=\"426\" height=\"490\" src=\"https:\/\/korestudio.fr\/wp-content\/uploads\/2024\/09\/Capture-decran-2024-09-02-a-10.18.33.png\" alt=\"\" class=\"wp-image-1567\" srcset=\"https:\/\/korestudio.fr\/wp-content\/uploads\/2024\/09\/Capture-decran-2024-09-02-a-10.18.33.png 426w, https:\/\/korestudio.fr\/wp-content\/uploads\/2024\/09\/Capture-decran-2024-09-02-a-10.18.33-261x300.png 261w\" sizes=\"(max-width: 426px) 100vw, 426px\" \/><\/figure>\n<\/div>\n\n\n\n<div class=\"wp-block-jetpack-layout-grid-column wp-block-jetpack-layout-grid__padding-none\">\n<h2 class=\"wp-block-heading\" id=\"votre-equipe-vous-accueille\">Robin Gulbert<\/h2>\n\n\n\n<p><strong>Instructeur Pilates<\/strong><\/p>\n\n\n\n<p><a href=\"https:\/\/www.rg-coachsportif.com\">https:\/\/www.rg-coachsportif.com<\/a><\/p>\n\n\n<\/div>\n<\/div>\n\n\n\n<div class=\"wp-block-jetpack-layout-grid alignfull column1-desktop-grid__span-3 column1-desktop-grid__start-2 column1-desktop-grid__row-1 column2-desktop-grid__span-6 column2-desktop-grid__start-6 column2-desktop-grid__row-1 column1-tablet-grid__span-3 column1-tablet-grid__row-1 column2-tablet-grid__span-5 column2-tablet-grid__start-4 column2-tablet-grid__row-1 column1-mobile-grid__span-4 column1-mobile-grid__row-1 column2-mobile-grid__span-4 column2-mobile-grid__row-2\">\n<div class=\"wp-block-jetpack-layout-grid-column wp-block-jetpack-layout-grid__padding-none\">\n<figure class=\"wp-block-image size-full is-style-circle-mask\"><img loading=\"lazy\" decoding=\"async\" width=\"1242\" height=\"1532\" src=\"https:\/\/korestudio.fr\/wp-content\/uploads\/2025\/08\/PHOTO-2025-08-25-10-56-12.jpg\" alt=\"\" class=\"wp-image-2939\" srcset=\"https:\/\/korestudio.fr\/wp-content\/uploads\/2025\/08\/PHOTO-2025-08-25-10-56-12.jpg 1242w, https:\/\/korestudio.fr\/wp-content\/uploads\/2025\/08\/PHOTO-2025-08-25-10-56-12-243x300.jpg 243w, https:\/\/korestudio.fr\/wp-content\/uploads\/2025\/08\/PHOTO-2025-08-25-10-56-12-830x1024.jpg 830w, https:\/\/korestudio.fr\/wp-content\/uploads\/2025\/08\/PHOTO-2025-08-25-10-56-12-768x947.jpg 768w, https:\/\/korestudio.fr\/wp-content\/uploads\/2025\/08\/PHOTO-2025-08-25-10-56-12-876x1080.jpg 876w\" sizes=\"(max-width: 1242px) 100vw, 1242px\" \/><\/figure>\n<\/div>\n\n\n\n<div class=\"wp-block-jetpack-layout-grid-column wp-block-jetpack-layout-grid__padding-none\">\n<h2 class=\"wp-block-heading\" id=\"votre-equipe-vous-accueille\">Magalie Motard Boudey<\/h2>\n\n\n\n<p><strong>Professeur de Yoga<\/strong> (lundi \/ jeudi)<\/p>\n\n\n\n<p>R\u00e9servations par t\u00e9l\u00e9phone: 06.18.62.48.44<\/p>\n\n\n\n<p><a href=\"https:\/\/balasana-yoga.fr\/\">https: \/\/www.balasana-yoga.fr<\/a><\/p>\n\n\n\n<p><\/p>\n\n\n\n<p>Cours de Yoga Postural, Hatha et Restauratif Yoga<br>Professeure de Yoga depuis 2020<br>Form\u00e9e au Techniques du Yoga et de Relaxation dans l\u2019Education (RYE)<br>Form\u00e9e au Yoga INARI, le yoga ANATOMIE est une m\u00e9thode personnalis\u00e9e autour d\u2019un yoga<br>postural, un yoga adapt\u00e9.<br>Form\u00e9e au Yoga RESTAURATIF avec Cyril Moreau appel\u00e9 aussi \u00ab le yoga de l\u2019antistress \u00bb,<br>un yoga qui permet un l\u00e2cher prise total par une m\u00e9ditation active.<br>Form\u00e9e au HATHA et VINYASA Yoga de Cyril Moreau.<br>Form\u00e9e \u00e9galement au Massage BODHYPNOSIS avec Jean Labb\u00e9. En neutralisant le mental \u00e0<br>travers la sensation, la m\u00e9thode Bodhypnosis induit un \u00e9tat m\u00e9ditatif profond. Ellle propose des massages sur RDV<\/p>\n<\/div>\n<\/div>\n\n\n\n<div class=\"wp-block-jetpack-layout-grid alignfull column1-desktop-grid__span-3 column1-desktop-grid__start-2 column1-desktop-grid__row-1 column2-desktop-grid__span-6 column2-desktop-grid__start-6 column2-desktop-grid__row-1 column1-tablet-grid__span-3 column1-tablet-grid__row-1 column2-tablet-grid__span-5 column2-tablet-grid__start-4 column2-tablet-grid__row-1 column1-mobile-grid__span-4 column1-mobile-grid__row-1 column2-mobile-grid__span-4 column2-mobile-grid__row-2\">\n<div class=\"wp-block-jetpack-layout-grid-column wp-block-jetpack-layout-grid__padding-none\">\n<figure class=\"wp-block-image size-large is-style-circle-mask\"><img loading=\"lazy\" decoding=\"async\" width=\"886\" height=\"1024\" src=\"https:\/\/korestudio.fr\/wp-content\/uploads\/2024\/11\/IMG_43E6F8083B9A-1-886x1024.jpeg\" alt=\"\" class=\"wp-image-1735\" srcset=\"https:\/\/korestudio.fr\/wp-content\/uploads\/2024\/11\/IMG_43E6F8083B9A-1-886x1024.jpeg 886w, https:\/\/korestudio.fr\/wp-content\/uploads\/2024\/11\/IMG_43E6F8083B9A-1-259x300.jpeg 259w, https:\/\/korestudio.fr\/wp-content\/uploads\/2024\/11\/IMG_43E6F8083B9A-1-768x888.jpeg 768w, https:\/\/korestudio.fr\/wp-content\/uploads\/2024\/11\/IMG_43E6F8083B9A-1.jpeg 1088w\" sizes=\"(max-width: 886px) 100vw, 886px\" \/><\/figure>\n<\/div>\n\n\n\n<div class=\"wp-block-jetpack-layout-grid-column wp-block-jetpack-layout-grid__padding-none\">\n<h2 class=\"wp-block-heading\" id=\"votre-equipe-vous-accueille\">Charlotte Batifoulier<\/h2>\n\n\n\n<p><strong>Professeur de Yoga<\/strong> (mercredi)<\/p>\n\n\n\n<p>R\u00e9servations par t\u00e9l\u00e9phone: 07.88.09.15.27 <\/p>\n\n\n\n<p> www.yoga-zenlolia.fr<\/p>\n\n\n\n<p><\/p>\n\n\n\n<p>\u00ab\u00a0Form\u00e9e en vinyasa et hatha yoga, mes cours sont accessibles \u00e0 tous, ind\u00e9pendamment de l&rsquo;\u00e2ge et de la condition physique.&nbsp;<\/p>\n\n\n\n<p>L\u2019objectif est de permettre \u00e0 chacun de prendre du temps pour soi , de se retrouver et de prendre soin de son corps et de son esprit.&nbsp;<\/p>\n\n\n\n<p>Tout cela avec simplicit\u00e9, enthousiasme, et convivialit\u00e9. \u00bb<\/p>\n<\/div>\n<\/div>\n\n\n\n<div class=\"wp-block-jetpack-layout-grid alignfull column1-desktop-grid__span-3 column1-desktop-grid__start-2 column1-desktop-grid__row-1 column2-desktop-grid__span-6 column2-desktop-grid__start-6 column2-desktop-grid__row-1 column1-tablet-grid__span-3 column1-tablet-grid__row-1 column2-tablet-grid__span-5 column2-tablet-grid__start-4 column2-tablet-grid__row-1 column1-mobile-grid__span-4 column1-mobile-grid__row-1 column2-mobile-grid__span-4 column2-mobile-grid__row-2\">\n<div class=\"wp-block-jetpack-layout-grid-column wp-block-jetpack-layout-grid__padding-none\">\n<figure class=\"wp-block-image size-large is-style-circle-mask\"><img loading=\"lazy\" decoding=\"async\" width=\"831\" height=\"1024\" src=\"https:\/\/korestudio.fr\/wp-content\/uploads\/2025\/08\/20250724_154112-2-Copie-831x1024.jpg\" alt=\"\" class=\"wp-image-2918\" srcset=\"https:\/\/korestudio.fr\/wp-content\/uploads\/2025\/08\/20250724_154112-2-Copie-831x1024.jpg 831w, https:\/\/korestudio.fr\/wp-content\/uploads\/2025\/08\/20250724_154112-2-Copie-244x300.jpg 244w, https:\/\/korestudio.fr\/wp-content\/uploads\/2025\/08\/20250724_154112-2-Copie-768x946.jpg 768w, https:\/\/korestudio.fr\/wp-content\/uploads\/2025\/08\/20250724_154112-2-Copie-1247x1536.jpg 1247w, https:\/\/korestudio.fr\/wp-content\/uploads\/2025\/08\/20250724_154112-2-Copie-1663x2048.jpg 1663w, https:\/\/korestudio.fr\/wp-content\/uploads\/2025\/08\/20250724_154112-2-Copie-877x1080.jpg 877w\" sizes=\"(max-width: 831px) 100vw, 831px\" \/><\/figure>\n<\/div>\n\n\n\n<div class=\"wp-block-jetpack-layout-grid-column wp-block-jetpack-layout-grid__padding-none\">\n<h2 class=\"wp-block-heading\" id=\"votre-equipe-vous-accueille\">Marie-Line Drivi\u00e8re<\/h2>\n\n\n\n<p><strong>Professeur de danse intuitive<\/strong><\/p>\n\n\n\n<p><a href=\"https:\/\/www.danse-intuitive-bassindarcachon.fr\/\">www.danse-intuitive-bassindarcachon.fr\/<\/a><\/p>\n\n\n\n<p><\/p>\n\n\n\n<p>A fr\u00e9quent\u00e9 le hip hop, la danse africaine et la danse<\/p>\n\n\n\n<p>contemporaine avant de se former \u00e0 la m\u00e9thode<\/p>\n\n\n\n<p>Feldenkrais avec Isabelle Lasserre \u00e0 Bordeaux, ainsi<\/p>\n\n\n\n<p>qu\u2019\u00e0 la technique Alexander \u00ae avec Mireille Feyzeau :<\/p>\n\n\n\n<p>des approches qui favorisent l\u2019<strong>harmonie corps-esprit<\/strong>.<\/p>\n\n\n\n<p>A cr\u00e9\u00e9 et cocr\u00e9\u00e9 de nombreux projets m\u00ealant danse et<\/p>\n\n\n\n<p>arts plastiques, notamment sur les Sc\u00e8nes d\u2019\u00e9t\u00e9 en<\/p>\n\n\n\n<p>Gironde.<\/p>\n\n\n\n<p>Elle est aussi enseignante en arts plastiques titulaire du<\/p>\n\n\n\n<p>CAPES, psychopraticienne en psychoth\u00e9rapie, art<\/p>\n\n\n\n<p>th\u00e9rapie et danse th\u00e9rapie.<\/p>\n\n\n\n<p>La danse intuitive est une danse spontan\u00e9e semi<\/p>\n\n\n\n<p>guid\u00e9e pour prendre soin de soi dans toutes ses<\/p>\n\n\n\n<p>dimensions. L\u2019ambiance y est chaleureuse et sans<\/p>\n\n\n\n<p>jugement.<\/p>\n<\/div>\n<\/div>\n\n\n\n<div class=\"wp-block-jetpack-layout-grid alignfull column1-desktop-grid__span-3 column1-desktop-grid__start-2 column1-desktop-grid__row-1 column2-desktop-grid__span-6 column2-desktop-grid__start-6 column2-desktop-grid__row-1 column1-tablet-grid__span-3 column1-tablet-grid__row-1 column2-tablet-grid__span-5 column2-tablet-grid__start-4 column2-tablet-grid__row-1 column1-mobile-grid__span-4 column1-mobile-grid__row-1 column2-mobile-grid__span-4 column2-mobile-grid__row-2\">\n<div class=\"wp-block-jetpack-layout-grid-column wp-block-jetpack-layout-grid__padding-none\">\n<figure class=\"wp-block-image size-large is-style-circle-mask\"><img loading=\"lazy\" decoding=\"async\" width=\"623\" height=\"1024\" src=\"https:\/\/korestudio.fr\/wp-content\/uploads\/2025\/08\/PHOTO-2025-07-30-20-34-38-623x1024.jpg\" alt=\"\" class=\"wp-image-2919\" srcset=\"https:\/\/korestudio.fr\/wp-content\/uploads\/2025\/08\/PHOTO-2025-07-30-20-34-38-623x1024.jpg 623w, https:\/\/korestudio.fr\/wp-content\/uploads\/2025\/08\/PHOTO-2025-07-30-20-34-38-183x300.jpg 183w, https:\/\/korestudio.fr\/wp-content\/uploads\/2025\/08\/PHOTO-2025-07-30-20-34-38-768x1262.jpg 768w, https:\/\/korestudio.fr\/wp-content\/uploads\/2025\/08\/PHOTO-2025-07-30-20-34-38-657x1080.jpg 657w, https:\/\/korestudio.fr\/wp-content\/uploads\/2025\/08\/PHOTO-2025-07-30-20-34-38.jpg 876w\" sizes=\"(max-width: 623px) 100vw, 623px\" \/><\/figure>\n<\/div>\n\n\n\n<div class=\"wp-block-jetpack-layout-grid-column wp-block-jetpack-layout-grid__padding-none\">\n<h2 class=\"wp-block-heading\" id=\"votre-equipe-vous-accueille\">Katia Machabert<\/h2>\n\n\n\n<p><strong>Professeur de gyro cercle\/kinesis posture<\/strong><\/p>\n\n\n\n<p><a href=\"https:\/\/artcorpustudio.my.canva.site\/\">https:\/\/artcorpustudio.my.canva.site\/<\/a><a href=\"https:\/\/www.danse-intuitive-bassindarcachon.fr\/\">hon.fr\/<\/a><\/p>\n\n\n\n<p><\/p>\n\n\n\n<p>Pratiqu\u00e9 sur un tabouret, assis et debout, cette discipline est destin\u00e9e \u00e0 tous.<\/p>\n\n\n\n<p>Combinant notre souffle naturel, des mouvements tri dimensionnels respectant totalement la biom\u00e9canique du corps.<br>Cette m\u00e9thode cr\u00e9\u00e9 par un danseur classique ,s&rsquo;inspire du pilates, du ta\u00ef-chi, du yoga, de la gym douce et de la danse, mais \u00e9galement de la natation .<\/p>\n\n\n\n<p>R\u00e9solument holostique, organique mais \u00e9galement sportive, cette m\u00e9thode rythm\u00e9e par la respiration stimule le corps dans sa globalit\u00e9, et permet d&rsquo;\u00e9tirer et renforcer les muscles profonds.<\/p>\n\n\n\n<p>Ondulations, spirales, le corps se redresse, les articulations s assouplissement et les tensions disparaissent, laissant place \u00e0 plus de flexibilit\u00e9, coordination, au bien-\u00eatre par le mouvement.<\/p>\n\n\n\n<p>Le saviez-vous ?<br>En Finlande et en Allemagne le GYROKINESIS\u00ae\ufe0f est pris en charge par la s\u00e9curit\u00e9 sociale ,<\/p>\n\n\n\n<p>A consommer sans mod\u00e9ration ensemble,<\/p>\n<\/div>\n<\/div>\n\n\n\n<div class=\"wp-block-jetpack-layout-grid alignfull column1-desktop-grid__span-3 column1-desktop-grid__start-2 column1-desktop-grid__row-1 column2-desktop-grid__span-6 column2-desktop-grid__start-6 column2-desktop-grid__row-1 column1-tablet-grid__span-3 column1-tablet-grid__row-1 column2-tablet-grid__span-5 column2-tablet-grid__start-4 column2-tablet-grid__row-1 column1-mobile-grid__span-4 column1-mobile-grid__row-1 column2-mobile-grid__span-4 column2-mobile-grid__row-2\">\n<div class=\"wp-block-jetpack-layout-grid-column wp-block-jetpack-layout-grid__padding-none\">\n<figure class=\"wp-block-image size-full is-style-circle-mask\"><img loading=\"lazy\" decoding=\"async\" width=\"644\" height=\"647\" src=\"https:\/\/korestudio.fr\/wp-content\/uploads\/2025\/09\/Carole-Gentil-1.jpg\" alt=\"\" class=\"wp-image-2969\" srcset=\"https:\/\/korestudio.fr\/wp-content\/uploads\/2025\/09\/Carole-Gentil-1.jpg 644w, https:\/\/korestudio.fr\/wp-content\/uploads\/2025\/09\/Carole-Gentil-1-300x300.jpg 300w, https:\/\/korestudio.fr\/wp-content\/uploads\/2025\/09\/Carole-Gentil-1-150x150.jpg 150w\" sizes=\"(max-width: 644px) 100vw, 644px\" \/><\/figure>\n<\/div>\n\n\n\n<div class=\"wp-block-jetpack-layout-grid-column wp-block-jetpack-layout-grid__padding-none\">\n<h2 class=\"wp-block-heading\" id=\"votre-equipe-vous-accueille\">Carole Gentil<\/h2>\n\n\n\n<p><strong>Professeur de yoga sur chaise<\/strong><\/p>\n\n\n\n<p>0635194102 <a href=\"https:\/\/www.facebook.com\/profile.php?id=100073402007662\">&#8211;<\/a><a href=\"https:\/\/www.facebook.com\/profile.php?id=100073402007662\" target=\"_blank\" rel=\"noreferrer noopener\"> Facebook<\/a><\/p>\n\n\n\n<p><\/p>\n\n\n\n<p>Apr\u00e8s avoir obtenu une licence de psychologie et \u00e9lev\u00e9 mes trois enfants, j\u2019ai travaill\u00e9 en tant que charg\u00e9e d\u2019accueil dans un centre de planification. Ma sensibilit\u00e9 \u00e0 autrui s\u2019est d&rsquo;autant plus d\u00e9velopp\u00e9e, j\u2019ai acquis de l\u2019assurance et eu la confirmation de mon envie d\u2019exercer un m\u00e9tier en lien avec les autres.&nbsp;<br>&nbsp;La vie m\u2019a invit\u00e9e \u00e0 pratiquer le Ta\u00ef-Chi puis \u00e0 d\u00e9couvrir le Yoga.&nbsp;<br>&nbsp;Ce fut une r\u00e9v\u00e9lation&nbsp;! Et enfin une \u00e9vidence : j\u2019avais \u00e0 transmettre \u00e0 mon tour le yoga, en toute bienveillance, \u00e0 l&rsquo;\u00e9coute des possibles de chacun.&nbsp;<br>&nbsp;J\u2019ai alors choisi de partager ce qui m\u2019a \u00e9t\u00e9 offert, \u00e0 ceux et celles qui cherchent \u00e0 mieux vivre dans leur corps et avec eux-m\u00eames.&nbsp;<br>&nbsp;Form\u00e9e aupr\u00e8s d\u2019organismes reconnus (RYE, FFHY\u2026) et participante \u00e0 de nombreuses retraites et stages sur des th\u00e9matiques en lien avec ma discipline, je continue d\u2019enrichir ma pratique \u00e0 travers diff\u00e9rentes formations.&nbsp;<br>&nbsp;\u201cIl faut toute la vie pour apprendre \u00e0 vivre.\u201d S\u00e9n\u00e8queAjouter un blocAjouter un bloc<\/p>\n<\/div>\n<\/div>\n\n\n\n<div class=\"wp-block-jetpack-layout-grid alignfull column1-desktop-grid__span-3 column1-desktop-grid__start-2 column1-desktop-grid__row-1 column2-desktop-grid__span-6 column2-desktop-grid__start-6 column2-desktop-grid__row-1 column1-tablet-grid__span-3 column1-tablet-grid__row-1 column2-tablet-grid__span-5 column2-tablet-grid__start-4 column2-tablet-grid__row-1 column1-mobile-grid__span-4 column1-mobile-grid__row-1 column2-mobile-grid__span-4 column2-mobile-grid__row-2\">\n<div class=\"wp-block-jetpack-layout-grid-column wp-block-jetpack-layout-grid__padding-none\"><\/div>\n\n\n\n<div class=\"wp-block-jetpack-layout-grid-column wp-block-jetpack-layout-grid__padding-none\"><\/div>\n<\/div>\n\n\n\n<div class=\"wp-block-jetpack-layout-grid alignfull column1-desktop-grid__span-3 column1-desktop-grid__start-2 column1-desktop-grid__row-1 column2-desktop-grid__span-6 column2-desktop-grid__start-6 column2-desktop-grid__row-1 column1-tablet-grid__span-3 column1-tablet-grid__row-1 column2-tablet-grid__span-5 column2-tablet-grid__start-4 column2-tablet-grid__row-1 column1-mobile-grid__span-4 column1-mobile-grid__row-1 column2-mobile-grid__span-4 column2-mobile-grid__row-2\">\n<div class=\"wp-block-jetpack-layout-grid-column wp-block-jetpack-layout-grid__padding-none\"><\/div>\n\n\n\n<div class=\"wp-block-jetpack-layout-grid-column wp-block-jetpack-layout-grid__padding-none\"><\/div>\n<\/div>\n\n\n\n<div class=\"wp-block-jetpack-layout-grid alignfull column1-desktop-grid__span-3 column1-desktop-grid__start-2 column1-desktop-grid__row-1 column2-desktop-grid__span-6 column2-desktop-grid__start-6 column2-desktop-grid__row-1 column1-tablet-grid__span-3 column1-tablet-grid__row-1 column2-tablet-grid__span-5 column2-tablet-grid__start-4 column2-tablet-grid__row-1 column1-mobile-grid__span-4 column1-mobile-grid__row-1 column2-mobile-grid__span-4 column2-mobile-grid__row-2\">\n<div class=\"wp-block-jetpack-layout-grid-column wp-block-jetpack-layout-grid__padding-none\"><\/div>\n\n\n\n<div class=\"wp-block-jetpack-layout-grid-column wp-block-jetpack-layout-grid__padding-none\"><\/div>\n<\/div>\n<\/div><\/div>\n","protected":false},"excerpt":{"rendered":"<p>Votre \u00e9quipe vous accueille. Kor\u0113 Studio est un centre de Pilates, de danse, de coaching et de sant\u00e9, fond\u00e9 par Julie Moryousef et Nicolas Fontaine. Notre \u00e9quipe accueille des professionnels de sant\u00e9 param\u00e9dicale et des professeurs sp\u00e9cialistes de leur discipline, tous dipl\u00f4m\u00e9s d&rsquo;\u00e9tat. D\u00e9couvrez l&rsquo;\u00e9quipe qui prend soin de vous. Julie Moryousef-Fontaine Directrice &#8211; Instructrice [&hellip;]<\/p>\n","protected":false},"author":1,"featured_media":0,"parent":9,"menu_order":0,"comment_status":"closed","ping_status":"closed","template":"","meta":{"saved_in_kubio":true,"footnotes":""},"class_list":["post-222","page","type-page","status-publish","hentry"],"kubio_ai_page_context":{"short_desc":"","purpose":"general"},"_links":{"self":[{"href":"https:\/\/korestudio.fr\/index.php\/wp-json\/wp\/v2\/pages\/222","targetHints":{"allow":["GET"]}}],"collection":[{"href":"https:\/\/korestudio.fr\/index.php\/wp-json\/wp\/v2\/pages"}],"about":[{"href":"https:\/\/korestudio.fr\/index.php\/wp-json\/wp\/v2\/types\/page"}],"author":[{"embeddable":true,"href":"https:\/\/korestudio.fr\/index.php\/wp-json\/wp\/v2\/users\/1"}],"replies":[{"embeddable":true,"href":"https:\/\/korestudio.fr\/index.php\/wp-json\/wp\/v2\/comments?post=222"}],"version-history":[{"count":24,"href":"https:\/\/korestudio.fr\/index.php\/wp-json\/wp\/v2\/pages\/222\/revisions"}],"predecessor-version":[{"id":2970,"href":"https:\/\/korestudio.fr\/index.php\/wp-json\/wp\/v2\/pages\/222\/revisions\/2970"}],"up":[{"embeddable":true,"href":"https:\/\/korestudio.fr\/index.php\/wp-json\/wp\/v2\/pages\/9"}],"wp:attachment":[{"href":"https:\/\/korestudio.fr\/index.php\/wp-json\/wp\/v2\/media?parent=222"}],"curies":[{"name":"wp","href":"https:\/\/api.w.org\/{rel}","templated":true}]}}